{"id":1355,"date":"2025-08-26T11:46:40","date_gmt":"2025-08-26T11:46:40","guid":{"rendered":"https:\/\/botswanarentalcars.com\/?page_id=1355"},"modified":"2025-09-09T23:09:58","modified_gmt":"2025-09-09T23:09:58","slug":"our-fleet","status":"publish","type":"page","link":"https:\/\/luxurycarscostarica.com\/fr\/our-fleet\/","title":{"rendered":"Notre Flotte"},"content":{"rendered":"<div data-elementor-type=\"wp-page\" data-elementor-id=\"1355\" class=\"elementor elementor-1355\" data-elementor-post-type=\"page\">\n\t\t\t\t<div class=\"elementor-element elementor-element-560cd4e e-flex e-con-boxed e-con e-parent\" data-id=\"560cd4e\" data-element_type=\"container\" data-e-type=\"container\" data-settings=\"{&quot;background_background&quot;:&quot;classic&quot;}\">\n\t\t\t\t\t<div class=\"e-con-inner\">\n\t\t\t\t<div class=\"elementor-element elementor-element-43abcff elementor-widget elementor-widget-heading\" data-id=\"43abcff\" data-element_type=\"widget\" data-e-type=\"widget\" data-widget_type=\"heading.default\">\n\t\t\t\t<div class=\"elementor-widget-container\">\n\t\t\t\t\t<h1 class=\"elementor-heading-title elementor-size-default\">Our Luxury Fleet for Rent -<span class=\"highlightext\"> au Costa Rica<\/span><\/h1>\t\t\t\t<\/div>\n\t\t\t\t<\/div>\n\t\t\t\t<div class=\"elementor-element elementor-element-f41b83f elementor-widget__width-initial elementor-widget elementor-widget-text-editor\" data-id=\"f41b83f\" data-element_type=\"widget\" data-e-type=\"widget\" data-widget_type=\"text-editor.default\">\n\t\t\t\t<div class=\"elementor-widget-container\">\n\t\t\t\t\t\t\t\t\t<p data-pm-slice=\"0 0 []\">Notre flotte de luxe comprend les plus beaux v\u00e9hicules, des berlines prestigieuses aux SUV spacieux. Choisissez parmi des marques de prestige telles que Mercedes-Benz, BMW et Audi, chaque mod\u00e8le r\u00e9pondant aux normes internationales de confort, de style et de performance. Chaque v\u00e9hicule est m\u00e9ticuleusement entretenu et r\u00e9guli\u00e8rement r\u00e9vis\u00e9 pour assurer une conduite fiable et performante.<\/p><p data-pm-slice=\"0 0 []\">Besoin d\u2019une berline raffin\u00e9e pour vos r\u00e9unions \u00e0 San Jos\u00e9 ou d\u2019un SUV de luxe pour vos excursions \u00e0 travers le pays ? Nous avons ce qu\u2019il vous faut. Tous nos v\u00e9hicules sont enti\u00e8rement assur\u00e9s et \u00e9quip\u00e9s d\u2019\u00e9quipements modernes, afin que vous voyagiez en toute s\u00e9r\u00e9nit\u00e9 et avec un confort de premi\u00e8re classe<\/p>\t\t\t\t\t\t\t\t<\/div>\n\t\t\t\t<\/div>\n\t\t<div class=\"elementor-element elementor-element-91fe0cf e-grid e-con-full e-con e-child\" data-id=\"91fe0cf\" data-element_type=\"container\" data-e-type=\"container\">\n\t\t<div class=\"elementor-element elementor-element-d8255de e-con-full e-flex e-con e-child\" data-id=\"d8255de\" data-element_type=\"container\" data-e-type=\"container\" data-settings=\"{&quot;background_background&quot;:&quot;classic&quot;}\">\n\t\t\t\t<div class=\"elementor-element elementor-element-48042e0 elementor-widget elementor-widget-image\" data-id=\"48042e0\" data-element_type=\"widget\" data-e-type=\"widget\" data-widget_type=\"image.default\">\n\t\t\t\t<div class=\"elementor-widget-container\">\n\t\t\t\t\t\t\t\t\t\t\t\t\t\t\t\t<a href=\"https:\/\/luxurycarscostarica.com\/fr\/cadillac-escalade-esv-sport-platinum-for-rent-in-tanzania\/\">\n\t\t\t\t\t\t\t<img fetchpriority=\"high\" decoding=\"async\" width=\"1024\" height=\"683\" src=\"https:\/\/luxurycarscostarica.com\/wp-content\/uploads\/2025\/09\/Mercedes-Benz-Sprinter-3-1024x683.jpg\" class=\"attachment-large size-large wp-image-2008\" alt=\"\" srcset=\"https:\/\/luxurycarscostarica.com\/wp-content\/uploads\/2025\/09\/Mercedes-Benz-Sprinter-3-1024x683.jpg 1024w, https:\/\/luxurycarscostarica.com\/wp-content\/uploads\/2025\/09\/Mercedes-Benz-Sprinter-3-300x200.jpg 300w, https:\/\/luxurycarscostarica.com\/wp-content\/uploads\/2025\/09\/Mercedes-Benz-Sprinter-3-768x512.jpg 768w, https:\/\/luxurycarscostarica.com\/wp-content\/uploads\/2025\/09\/Mercedes-Benz-Sprinter-3-1536x1024.jpg 1536w, https:\/\/luxurycarscostarica.com\/wp-content\/uploads\/2025\/09\/Mercedes-Benz-Sprinter-3-18x12.jpg 18w, https:\/\/luxurycarscostarica.com\/wp-content\/uploads\/2025\/09\/Mercedes-Benz-Sprinter-3.jpg 1920w\" sizes=\"(max-width: 1024px) 100vw, 1024px\" \/>\t\t\t\t\t\t\t\t<\/a>\n\t\t\t\t\t\t\t\t\t\t\t\t\t\t\t<\/div>\n\t\t\t\t<\/div>\n\t\t\t\t<div class=\"elementor-element elementor-element-373aad4 elementor-widget elementor-widget-heading\" data-id=\"373aad4\" data-element_type=\"widget\" data-e-type=\"widget\" data-widget_type=\"heading.default\">\n\t\t\t\t<div class=\"elementor-widget-container\">\n\t\t\t\t\t<h3 class=\"elementor-heading-title elementor-size-default\"><a href=\"\/fr\/mercedes-benz-sprinter\/\">Mercedes Benz Sprinter <\/a><\/h3>\t\t\t\t<\/div>\n\t\t\t\t<\/div>\n\t\t\t\t<\/div>\n\t\t<div class=\"elementor-element elementor-element-910bd3d e-con-full e-flex e-con e-child\" data-id=\"910bd3d\" data-element_type=\"container\" data-e-type=\"container\" data-settings=\"{&quot;background_background&quot;:&quot;classic&quot;}\">\n\t\t\t\t<div class=\"elementor-element elementor-element-4d6345d elementor-widget elementor-widget-image\" data-id=\"4d6345d\" data-element_type=\"widget\" data-e-type=\"widget\" data-widget_type=\"image.default\">\n\t\t\t\t<div class=\"elementor-widget-container\">\n\t\t\t\t\t\t\t\t\t\t\t\t\t\t\t\t<a href=\"\/fr\/audi-q8-e-tron\/\">\n\t\t\t\t\t\t\t<img decoding=\"async\" width=\"1920\" height=\"1280\" src=\"https:\/\/luxurycarscostarica.com\/wp-content\/uploads\/2025\/09\/Audi-Q8-e-tron-2.jpg\" class=\"attachment-full size-full wp-image-1942\" alt=\"\" srcset=\"https:\/\/luxurycarscostarica.com\/wp-content\/uploads\/2025\/09\/Audi-Q8-e-tron-2.jpg 1920w, https:\/\/luxurycarscostarica.com\/wp-content\/uploads\/2025\/09\/Audi-Q8-e-tron-2-300x200.jpg 300w, https:\/\/luxurycarscostarica.com\/wp-content\/uploads\/2025\/09\/Audi-Q8-e-tron-2-1024x683.jpg 1024w, https:\/\/luxurycarscostarica.com\/wp-content\/uploads\/2025\/09\/Audi-Q8-e-tron-2-768x512.jpg 768w, https:\/\/luxurycarscostarica.com\/wp-content\/uploads\/2025\/09\/Audi-Q8-e-tron-2-1536x1024.jpg 1536w, https:\/\/luxurycarscostarica.com\/wp-content\/uploads\/2025\/09\/Audi-Q8-e-tron-2-18x12.jpg 18w\" sizes=\"(max-width: 1920px) 100vw, 1920px\" \/>\t\t\t\t\t\t\t\t<\/a>\n\t\t\t\t\t\t\t\t\t\t\t\t\t\t\t<\/div>\n\t\t\t\t<\/div>\n\t\t\t\t<div class=\"elementor-element elementor-element-97019c9 elementor-widget elementor-widget-heading\" data-id=\"97019c9\" data-element_type=\"widget\" data-e-type=\"widget\" data-widget_type=\"heading.default\">\n\t\t\t\t<div class=\"elementor-widget-container\">\n\t\t\t\t\t<h3 class=\"elementor-heading-title elementor-size-default\"><a href=\"\/fr\/audi-q8-e-tron\/\">Audi Q8 e-tron<\/a><\/h3>\t\t\t\t<\/div>\n\t\t\t\t<\/div>\n\t\t\t\t<\/div>\n\t\t<div class=\"elementor-element elementor-element-c5799e3 e-con-full e-flex e-con e-child\" data-id=\"c5799e3\" data-element_type=\"container\" data-e-type=\"container\" data-settings=\"{&quot;background_background&quot;:&quot;classic&quot;}\">\n\t\t\t\t<div class=\"elementor-element elementor-element-be58ffd elementor-widget elementor-widget-image\" data-id=\"be58ffd\" data-element_type=\"widget\" data-e-type=\"widget\" data-widget_type=\"image.default\">\n\t\t\t\t<div class=\"elementor-widget-container\">\n\t\t\t\t\t\t\t\t\t\t\t\t\t\t\t\t<a href=\"\/fr\/chevrolet-trax\/\">\n\t\t\t\t\t\t\t<img decoding=\"async\" width=\"1920\" height=\"1280\" src=\"https:\/\/luxurycarscostarica.com\/wp-content\/uploads\/2025\/09\/Chevrolet-Trax-1.jpg\" class=\"attachment-full size-full wp-image-1958\" alt=\"\" srcset=\"https:\/\/luxurycarscostarica.com\/wp-content\/uploads\/2025\/09\/Chevrolet-Trax-1.jpg 1920w, https:\/\/luxurycarscostarica.com\/wp-content\/uploads\/2025\/09\/Chevrolet-Trax-1-300x200.jpg 300w, https:\/\/luxurycarscostarica.com\/wp-content\/uploads\/2025\/09\/Chevrolet-Trax-1-1024x683.jpg 1024w, https:\/\/luxurycarscostarica.com\/wp-content\/uploads\/2025\/09\/Chevrolet-Trax-1-768x512.jpg 768w, https:\/\/luxurycarscostarica.com\/wp-content\/uploads\/2025\/09\/Chevrolet-Trax-1-1536x1024.jpg 1536w, https:\/\/luxurycarscostarica.com\/wp-content\/uploads\/2025\/09\/Chevrolet-Trax-1-18x12.jpg 18w\" sizes=\"(max-width: 1920px) 100vw, 1920px\" \/>\t\t\t\t\t\t\t\t<\/a>\n\t\t\t\t\t\t\t\t\t\t\t\t\t\t\t<\/div>\n\t\t\t\t<\/div>\n\t\t\t\t<div class=\"elementor-element elementor-element-88652be elementor-widget elementor-widget-heading\" data-id=\"88652be\" data-element_type=\"widget\" data-e-type=\"widget\" data-widget_type=\"heading.default\">\n\t\t\t\t<div class=\"elementor-widget-container\">\n\t\t\t\t\t<h3 class=\"elementor-heading-title elementor-size-default\"><a href=\"\/fr\/chevrolet-trax\/\">Chevrolet Trax<\/a><\/h3>\t\t\t\t<\/div>\n\t\t\t\t<\/div>\n\t\t\t\t<\/div>\n\t\t<div class=\"elementor-element elementor-element-aeabc93 e-con-full e-flex e-con e-child\" data-id=\"aeabc93\" data-element_type=\"container\" data-e-type=\"container\" data-settings=\"{&quot;background_background&quot;:&quot;classic&quot;}\">\n\t\t\t\t<div class=\"elementor-element elementor-element-d0d29fe elementor-widget elementor-widget-image\" data-id=\"d0d29fe\" data-element_type=\"widget\" data-e-type=\"widget\" data-widget_type=\"image.default\">\n\t\t\t\t<div class=\"elementor-widget-container\">\n\t\t\t\t\t\t\t\t\t\t\t\t\t\t\t\t<a href=\"\/fr\/hyundai-elantra\/\">\n\t\t\t\t\t\t\t<img loading=\"lazy\" decoding=\"async\" width=\"1920\" height=\"1280\" src=\"https:\/\/luxurycarscostarica.com\/wp-content\/uploads\/2025\/09\/Hyundai-Elantra-2.jpg\" class=\"attachment-full size-full wp-image-1975\" alt=\"\" srcset=\"https:\/\/luxurycarscostarica.com\/wp-content\/uploads\/2025\/09\/Hyundai-Elantra-2.jpg 1920w, https:\/\/luxurycarscostarica.com\/wp-content\/uploads\/2025\/09\/Hyundai-Elantra-2-300x200.jpg 300w, https:\/\/luxurycarscostarica.com\/wp-content\/uploads\/2025\/09\/Hyundai-Elantra-2-1024x683.jpg 1024w, https:\/\/luxurycarscostarica.com\/wp-content\/uploads\/2025\/09\/Hyundai-Elantra-2-768x512.jpg 768w, https:\/\/luxurycarscostarica.com\/wp-content\/uploads\/2025\/09\/Hyundai-Elantra-2-1536x1024.jpg 1536w, https:\/\/luxurycarscostarica.com\/wp-content\/uploads\/2025\/09\/Hyundai-Elantra-2-18x12.jpg 18w\" sizes=\"(max-width: 1920px) 100vw, 1920px\" \/>\t\t\t\t\t\t\t\t<\/a>\n\t\t\t\t\t\t\t\t\t\t\t\t\t\t\t<\/div>\n\t\t\t\t<\/div>\n\t\t\t\t<div class=\"elementor-element elementor-element-fac9e70 elementor-widget elementor-widget-heading\" data-id=\"fac9e70\" data-element_type=\"widget\" data-e-type=\"widget\" data-widget_type=\"heading.default\">\n\t\t\t\t<div class=\"elementor-widget-container\">\n\t\t\t\t\t<h3 class=\"elementor-heading-title elementor-size-default\"><a href=\"\/fr\/hyundai-elantra\/\">Hyundai Elantra<\/a><\/h3>\t\t\t\t<\/div>\n\t\t\t\t<\/div>\n\t\t\t\t<\/div>\n\t\t<div class=\"elementor-element elementor-element-2fd4440 e-con-full e-flex e-con e-child\" data-id=\"2fd4440\" data-element_type=\"container\" data-e-type=\"container\" data-settings=\"{&quot;background_background&quot;:&quot;classic&quot;}\">\n\t\t\t\t<div class=\"elementor-element elementor-element-2b1b87f elementor-widget elementor-widget-image\" data-id=\"2b1b87f\" data-element_type=\"widget\" data-e-type=\"widget\" data-widget_type=\"image.default\">\n\t\t\t\t<div class=\"elementor-widget-container\">\n\t\t\t\t\t\t\t\t\t\t\t\t\t\t\t\t<a href=\"\/fr\/volkswagen-id-4\/\">\n\t\t\t\t\t\t\t<img loading=\"lazy\" decoding=\"async\" width=\"1920\" height=\"1280\" src=\"https:\/\/luxurycarscostarica.com\/wp-content\/uploads\/2025\/09\/Volkswagen-ID.4-2.jpg\" class=\"attachment-full size-full wp-image-1934\" alt=\"\" srcset=\"https:\/\/luxurycarscostarica.com\/wp-content\/uploads\/2025\/09\/Volkswagen-ID.4-2.jpg 1920w, https:\/\/luxurycarscostarica.com\/wp-content\/uploads\/2025\/09\/Volkswagen-ID.4-2-300x200.jpg 300w, https:\/\/luxurycarscostarica.com\/wp-content\/uploads\/2025\/09\/Volkswagen-ID.4-2-1024x683.jpg 1024w, https:\/\/luxurycarscostarica.com\/wp-content\/uploads\/2025\/09\/Volkswagen-ID.4-2-768x512.jpg 768w, https:\/\/luxurycarscostarica.com\/wp-content\/uploads\/2025\/09\/Volkswagen-ID.4-2-1536x1024.jpg 1536w, https:\/\/luxurycarscostarica.com\/wp-content\/uploads\/2025\/09\/Volkswagen-ID.4-2-18x12.jpg 18w\" sizes=\"(max-width: 1920px) 100vw, 1920px\" \/>\t\t\t\t\t\t\t\t<\/a>\n\t\t\t\t\t\t\t\t\t\t\t\t\t\t\t<\/div>\n\t\t\t\t<\/div>\n\t\t\t\t<div class=\"elementor-element elementor-element-33d9b06 elementor-widget elementor-widget-heading\" data-id=\"33d9b06\" data-element_type=\"widget\" data-e-type=\"widget\" data-widget_type=\"heading.default\">\n\t\t\t\t<div class=\"elementor-widget-container\">\n\t\t\t\t\t<h3 class=\"elementor-heading-title elementor-size-default\"><a href=\"\/fr\/volkswagen-id-4\/\">Volkswagen ID.4<\/a><\/h3>\t\t\t\t<\/div>\n\t\t\t\t<\/div>\n\t\t\t\t<\/div>\n\t\t<div class=\"elementor-element elementor-element-df058d8 e-con-full e-flex e-con e-child\" data-id=\"df058d8\" data-element_type=\"container\" data-e-type=\"container\" data-settings=\"{&quot;background_background&quot;:&quot;classic&quot;}\">\n\t\t\t\t<div class=\"elementor-element elementor-element-228f539 elementor-widget elementor-widget-image\" data-id=\"228f539\" data-element_type=\"widget\" data-e-type=\"widget\" data-widget_type=\"image.default\">\n\t\t\t\t<div class=\"elementor-widget-container\">\n\t\t\t\t\t\t\t\t\t\t\t\t\t\t\t\t<a href=\"\/fr\/toyota-rav4\/\">\n\t\t\t\t\t\t\t<img loading=\"lazy\" decoding=\"async\" width=\"1920\" height=\"1280\" src=\"https:\/\/luxurycarscostarica.com\/wp-content\/uploads\/2025\/09\/Toyota-Rav4-2.jpg\" class=\"attachment-full size-full wp-image-1964\" alt=\"\" srcset=\"https:\/\/luxurycarscostarica.com\/wp-content\/uploads\/2025\/09\/Toyota-Rav4-2.jpg 1920w, https:\/\/luxurycarscostarica.com\/wp-content\/uploads\/2025\/09\/Toyota-Rav4-2-300x200.jpg 300w, https:\/\/luxurycarscostarica.com\/wp-content\/uploads\/2025\/09\/Toyota-Rav4-2-1024x683.jpg 1024w, https:\/\/luxurycarscostarica.com\/wp-content\/uploads\/2025\/09\/Toyota-Rav4-2-768x512.jpg 768w, https:\/\/luxurycarscostarica.com\/wp-content\/uploads\/2025\/09\/Toyota-Rav4-2-1536x1024.jpg 1536w, https:\/\/luxurycarscostarica.com\/wp-content\/uploads\/2025\/09\/Toyota-Rav4-2-18x12.jpg 18w\" sizes=\"(max-width: 1920px) 100vw, 1920px\" \/>\t\t\t\t\t\t\t\t<\/a>\n\t\t\t\t\t\t\t\t\t\t\t\t\t\t\t<\/div>\n\t\t\t\t<\/div>\n\t\t\t\t<div class=\"elementor-element elementor-element-5a23934 elementor-widget elementor-widget-heading\" data-id=\"5a23934\" data-element_type=\"widget\" data-e-type=\"widget\" data-widget_type=\"heading.default\">\n\t\t\t\t<div class=\"elementor-widget-container\">\n\t\t\t\t\t<h3 class=\"elementor-heading-title elementor-size-default\"><a href=\"\/fr\/toyota-rav4\/\">Toyota Rav4<\/a><\/h3>\t\t\t\t<\/div>\n\t\t\t\t<\/div>\n\t\t\t\t<\/div>\n\t\t<div class=\"elementor-element elementor-element-bf33018 e-con-full e-flex e-con e-child\" data-id=\"bf33018\" data-element_type=\"container\" data-e-type=\"container\" data-settings=\"{&quot;background_background&quot;:&quot;classic&quot;}\">\n\t\t\t\t<div class=\"elementor-element elementor-element-72fc972 elementor-widget elementor-widget-image\" data-id=\"72fc972\" data-element_type=\"widget\" data-e-type=\"widget\" data-widget_type=\"image.default\">\n\t\t\t\t<div class=\"elementor-widget-container\">\n\t\t\t\t\t\t\t\t\t\t\t\t\t\t\t\t<a href=\"\/fr\/hyundai-tucson\/\">\n\t\t\t\t\t\t\t<img loading=\"lazy\" decoding=\"async\" width=\"1920\" height=\"1280\" src=\"https:\/\/luxurycarscostarica.com\/wp-content\/uploads\/2025\/09\/Hyundai-Tucson-2-e1757453711167.jpg\" class=\"attachment-full size-full wp-image-1947\" alt=\"\" srcset=\"https:\/\/luxurycarscostarica.com\/wp-content\/uploads\/2025\/09\/Hyundai-Tucson-2-e1757453711167.jpg 1920w, https:\/\/luxurycarscostarica.com\/wp-content\/uploads\/2025\/09\/Hyundai-Tucson-2-e1757453711167-300x200.jpg 300w, https:\/\/luxurycarscostarica.com\/wp-content\/uploads\/2025\/09\/Hyundai-Tucson-2-e1757453711167-1024x683.jpg 1024w, https:\/\/luxurycarscostarica.com\/wp-content\/uploads\/2025\/09\/Hyundai-Tucson-2-e1757453711167-768x512.jpg 768w, https:\/\/luxurycarscostarica.com\/wp-content\/uploads\/2025\/09\/Hyundai-Tucson-2-e1757453711167-1536x1024.jpg 1536w, https:\/\/luxurycarscostarica.com\/wp-content\/uploads\/2025\/09\/Hyundai-Tucson-2-e1757453711167-18x12.jpg 18w\" sizes=\"(max-width: 1920px) 100vw, 1920px\" \/>\t\t\t\t\t\t\t\t<\/a>\n\t\t\t\t\t\t\t\t\t\t\t\t\t\t\t<\/div>\n\t\t\t\t<\/div>\n\t\t\t\t<div class=\"elementor-element elementor-element-ccfbbe0 elementor-widget elementor-widget-heading\" data-id=\"ccfbbe0\" data-element_type=\"widget\" data-e-type=\"widget\" data-widget_type=\"heading.default\">\n\t\t\t\t<div class=\"elementor-widget-container\">\n\t\t\t\t\t<h3 class=\"elementor-heading-title elementor-size-default\"><a href=\"\/fr\/hyundai-tucson\/\">Hyundai Tucson<\/a><\/h3>\t\t\t\t<\/div>\n\t\t\t\t<\/div>\n\t\t\t\t<\/div>\n\t\t<div class=\"elementor-element elementor-element-7ee9ff8 e-con-full e-flex e-con e-child\" data-id=\"7ee9ff8\" data-element_type=\"container\" data-e-type=\"container\" data-settings=\"{&quot;background_background&quot;:&quot;classic&quot;}\">\n\t\t\t\t<div class=\"elementor-element elementor-element-426945e elementor-widget elementor-widget-image\" data-id=\"426945e\" data-element_type=\"widget\" data-e-type=\"widget\" data-widget_type=\"image.default\">\n\t\t\t\t<div class=\"elementor-widget-container\">\n\t\t\t\t\t\t\t\t\t\t\t\t\t\t\t\t<a href=\"\/fr\/toyota-fortuner\/\">\n\t\t\t\t\t\t\t<img loading=\"lazy\" decoding=\"async\" width=\"1536\" height=\"1024\" src=\"https:\/\/luxurycarscostarica.com\/wp-content\/uploads\/2025\/09\/toyota-fortuner-1.jpg\" class=\"attachment-full size-full wp-image-1926\" alt=\"\" srcset=\"https:\/\/luxurycarscostarica.com\/wp-content\/uploads\/2025\/09\/toyota-fortuner-1.jpg 1536w, https:\/\/luxurycarscostarica.com\/wp-content\/uploads\/2025\/09\/toyota-fortuner-1-300x200.jpg 300w, https:\/\/luxurycarscostarica.com\/wp-content\/uploads\/2025\/09\/toyota-fortuner-1-1024x683.jpg 1024w, https:\/\/luxurycarscostarica.com\/wp-content\/uploads\/2025\/09\/toyota-fortuner-1-768x512.jpg 768w, https:\/\/luxurycarscostarica.com\/wp-content\/uploads\/2025\/09\/toyota-fortuner-1-18x12.jpg 18w\" sizes=\"(max-width: 1536px) 100vw, 1536px\" \/>\t\t\t\t\t\t\t\t<\/a>\n\t\t\t\t\t\t\t\t\t\t\t\t\t\t\t<\/div>\n\t\t\t\t<\/div>\n\t\t\t\t<div class=\"elementor-element elementor-element-961b1b5 elementor-widget elementor-widget-heading\" data-id=\"961b1b5\" data-element_type=\"widget\" data-e-type=\"widget\" data-widget_type=\"heading.default\">\n\t\t\t\t<div class=\"elementor-widget-container\">\n\t\t\t\t\t<h3 class=\"elementor-heading-title elementor-size-default\"><a href=\"\/fr\/toyota-fortuner\/\">Toyota Fortuner<\/a><\/h3>\t\t\t\t<\/div>\n\t\t\t\t<\/div>\n\t\t\t\t<\/div>\n\t\t<div class=\"elementor-element elementor-element-d3ba0e6 e-con-full e-flex e-con e-child\" data-id=\"d3ba0e6\" data-element_type=\"container\" data-e-type=\"container\" data-settings=\"{&quot;background_background&quot;:&quot;classic&quot;}\">\n\t\t\t\t<div class=\"elementor-element elementor-element-2bee14d elementor-widget elementor-widget-image\" data-id=\"2bee14d\" data-element_type=\"widget\" data-e-type=\"widget\" data-widget_type=\"image.default\">\n\t\t\t\t<div class=\"elementor-widget-container\">\n\t\t\t\t\t\t\t\t\t\t\t\t\t\t\t\t<a href=\"\/fr\/kia-sorento\/\">\n\t\t\t\t\t\t\t<img loading=\"lazy\" decoding=\"async\" width=\"1920\" height=\"1280\" src=\"https:\/\/luxurycarscostarica.com\/wp-content\/uploads\/2025\/09\/Kia-Sorento.jpg\" class=\"attachment-full size-full wp-image-1998\" alt=\"\" srcset=\"https:\/\/luxurycarscostarica.com\/wp-content\/uploads\/2025\/09\/Kia-Sorento.jpg 1920w, https:\/\/luxurycarscostarica.com\/wp-content\/uploads\/2025\/09\/Kia-Sorento-300x200.jpg 300w, https:\/\/luxurycarscostarica.com\/wp-content\/uploads\/2025\/09\/Kia-Sorento-1024x683.jpg 1024w, https:\/\/luxurycarscostarica.com\/wp-content\/uploads\/2025\/09\/Kia-Sorento-768x512.jpg 768w, https:\/\/luxurycarscostarica.com\/wp-content\/uploads\/2025\/09\/Kia-Sorento-1536x1024.jpg 1536w, https:\/\/luxurycarscostarica.com\/wp-content\/uploads\/2025\/09\/Kia-Sorento-18x12.jpg 18w\" sizes=\"(max-width: 1920px) 100vw, 1920px\" \/>\t\t\t\t\t\t\t\t<\/a>\n\t\t\t\t\t\t\t\t\t\t\t\t\t\t\t<\/div>\n\t\t\t\t<\/div>\n\t\t\t\t<div class=\"elementor-element elementor-element-28131ba elementor-widget elementor-widget-heading\" data-id=\"28131ba\" data-element_type=\"widget\" data-e-type=\"widget\" data-widget_type=\"heading.default\">\n\t\t\t\t<div class=\"elementor-widget-container\">\n\t\t\t\t\t<h3 class=\"elementor-heading-title elementor-size-default\"><a href=\"\/fr\/kia-sorento\/\">Kia Sorento<\/a><\/h3>\t\t\t\t<\/div>\n\t\t\t\t<\/div>\n\t\t\t\t<\/div>\n\t\t\t\t<\/div>\n\t\t\t\t\t<\/div>\n\t\t\t\t<\/div>\n\t\t<div class=\"elementor-element elementor-element-ab4eb1f e-flex e-con-boxed e-con e-parent\" data-id=\"ab4eb1f\" data-element_type=\"container\" data-e-type=\"container\" data-settings=\"{&quot;background_background&quot;:&quot;classic&quot;}\">\n\t\t\t\t\t<div class=\"e-con-inner\">\n\t\t\t\t<div class=\"elementor-element elementor-element-96d08e3 elementor-widget elementor-widget-heading\" data-id=\"96d08e3\" data-element_type=\"widget\" data-e-type=\"widget\" data-widget_type=\"heading.default\">\n\t\t\t\t<div class=\"elementor-widget-container\">\n\t\t\t\t\t<h2 class=\"elementor-heading-title elementor-size-default translation-block\">Envie de <span class=\"highlightext\">discuter<\/span>?<\/h2>\t\t\t\t<\/div>\n\t\t\t\t<\/div>\n\t\t<div class=\"elementor-element elementor-element-fb024d8 e-grid e-con-full e-con e-child\" data-id=\"fb024d8\" data-element_type=\"container\" data-e-type=\"container\">\n\t\t\t\t<div class=\"elementor-element elementor-element-f0dc7f3 elementor-widget elementor-widget-button\" data-id=\"f0dc7f3\" data-element_type=\"widget\" data-e-type=\"widget\" data-widget_type=\"button.default\">\n\t\t\t\t<div class=\"elementor-widget-container\">\n\t\t\t\t\t\t\t\t\t<div class=\"elementor-button-wrapper\">\n\t\t\t\t\t<a class=\"elementor-button elementor-button-link elementor-size-sm\" href=\"tel:+447426416358\">\n\t\t\t\t\t\t<span class=\"elementor-button-content-wrapper\">\n\t\t\t\t\t\t<span class=\"elementor-button-icon\">\n\t\t\t\t<svg aria-hidden=\"true\" class=\"e-font-icon-svg e-fas-phone-alt\" viewbox=\"0 0 512 512\" xmlns=\"http:\/\/www.w3.org\/2000\/svg\"><path d=\"M497.39 361.8l-112-48a24 24 0 0 0-28 6.9l-49.6 60.6A370.66 370.66 0 0 1 130.6 204.11l60.6-49.6a23.94 23.94 0 0 0 6.9-28l-48-112A24.16 24.16 0 0 0 122.6.61l-104 24A24 24 0 0 0 0 48c0 256.5 207.9 464 464 464a24 24 0 0 0 23.4-18.6l24-104a24.29 24.29 0 0 0-14.01-27.6z\"><\/path><\/svg>\t\t\t<\/span>\n\t\t\t\t\t\t\t\t\t<span class=\"elementor-button-text\">Appelez-nous<\/span>\n\t\t\t\t\t<\/span>\n\t\t\t\t\t<\/a>\n\t\t\t\t<\/div>\n\t\t\t\t\t\t\t\t<\/div>\n\t\t\t\t<\/div>\n\t\t\t\t<div class=\"elementor-element elementor-element-b27ac77 elementor-widget elementor-widget-button\" data-id=\"b27ac77\" data-element_type=\"widget\" data-e-type=\"widget\" data-widget_type=\"button.default\">\n\t\t\t\t<div class=\"elementor-widget-container\">\n\t\t\t\t\t\t\t\t\t<div class=\"elementor-button-wrapper\">\n\t\t\t\t\t<a class=\"elementor-button elementor-button-link elementor-size-sm\" href=\"https:\/\/api.whatsapp.com\/send?phone=447426416358\" target=\"_blank\" rel=\"noopener\">\n\t\t\t\t\t\t<span class=\"elementor-button-content-wrapper\">\n\t\t\t\t\t\t<span class=\"elementor-button-icon\">\n\t\t\t\t<svg aria-hidden=\"true\" class=\"e-font-icon-svg e-fas-phone-alt\" viewbox=\"0 0 512 512\" xmlns=\"http:\/\/www.w3.org\/2000\/svg\"><path d=\"M497.39 361.8l-112-48a24 24 0 0 0-28 6.9l-49.6 60.6A370.66 370.66 0 0 1 130.6 204.11l60.6-49.6a23.94 23.94 0 0 0 6.9-28l-48-112A24.16 24.16 0 0 0 122.6.61l-104 24A24 24 0 0 0 0 48c0 256.5 207.9 464 464 464a24 24 0 0 0 23.4-18.6l24-104a24.29 24.29 0 0 0-14.01-27.6z\"><\/path><\/svg>\t\t\t<\/span>\n\t\t\t\t\t\t\t\t\t<span class=\"elementor-button-text\">Contactez-nous<\/span>\n\t\t\t\t\t<\/span>\n\t\t\t\t\t<\/a>\n\t\t\t\t<\/div>\n\t\t\t\t\t\t\t\t<\/div>\n\t\t\t\t<\/div>\n\t\t\t\t<\/div>\n\t\t\t\t\t<\/div>\n\t\t\t\t<\/div>\n\t\t\t\t<\/div>","protected":false},"excerpt":{"rendered":"<p>Our Luxury Fleet for Rent &#8211; in Costa Rica Our luxury fleet features the finest vehicles from elite sedans to spacious SUVs. Choose from prestige brands like Mercedes-Benz, BMW, and Audi each model meeting international standards of comfort, style, and performance. Every vehicle is meticulously maintained and regularly serviced to ensure a reliable, high performance&#8230;<\/p>","protected":false},"author":1,"featured_media":0,"parent":0,"menu_order":0,"comment_status":"closed","ping_status":"closed","template":"","meta":{"_kad_post_transparent":"","_kad_post_title":"hide","_kad_post_layout":"fullwidth","_kad_post_sidebar_id":"","_kad_post_content_style":"unboxed","_kad_post_vertical_padding":"hide","_kad_post_feature":"hide","_kad_post_feature_position":"","_kad_post_header":false,"_kad_post_footer":false,"_joinchat":[],"footnotes":""},"class_list":["post-1355","page","type-page","status-publish","hentry"],"_links":{"self":[{"href":"https:\/\/luxurycarscostarica.com\/fr\/wp-json\/wp\/v2\/pages\/1355","targetHints":{"allow":["GET"]}}],"collection":[{"href":"https:\/\/luxurycarscostarica.com\/fr\/wp-json\/wp\/v2\/pages"}],"about":[{"href":"https:\/\/luxurycarscostarica.com\/fr\/wp-json\/wp\/v2\/types\/page"}],"author":[{"embeddable":true,"href":"https:\/\/luxurycarscostarica.com\/fr\/wp-json\/wp\/v2\/users\/1"}],"replies":[{"embeddable":true,"href":"https:\/\/luxurycarscostarica.com\/fr\/wp-json\/wp\/v2\/comments?post=1355"}],"version-history":[{"count":34,"href":"https:\/\/luxurycarscostarica.com\/fr\/wp-json\/wp\/v2\/pages\/1355\/revisions"}],"predecessor-version":[{"id":2041,"href":"https:\/\/luxurycarscostarica.com\/fr\/wp-json\/wp\/v2\/pages\/1355\/revisions\/2041"}],"wp:attachment":[{"href":"https:\/\/luxurycarscostarica.com\/fr\/wp-json\/wp\/v2\/media?parent=1355"}],"curies":[{"name":"wp","href":"https:\/\/api.w.org\/{rel}","templated":true}]}}